{"id":2109,"date":"2021-08-23T09:58:18","date_gmt":"2021-08-23T07:58:18","guid":{"rendered":"https:\/\/alpinfo.flake.work\/forschung\/aktuelle-projekte\/realisationen-seit-2000\/eiszeitkarte-2009-die-schweiz-waehrend-des-letzteiszeitlichen-maximums-1500000\/"},"modified":"2021-09-24T15:40:57","modified_gmt":"2021-09-24T13:40:57","slug":"eiszeitkarte-2009-die-schweiz-waehrend-des-letzteiszeitlichen-maximums-1500000","status":"publish","type":"page","link":"https:\/\/alpinfo.ch\/en\/research\/current-projects\/realisationen-seit-2000\/eiszeitkarte-2009-die-schweiz-waehrend-des-letzteiszeitlichen-maximums-1500000\/","title":{"rendered":"Eiszeitkarte 2009"},"content":{"rendered":"<h2>Eiszeitkarte 2009 &#8221;Die Schweiz w\u00e4hrend des letzteiszeitlichen Maximums 1:500&#8217;000&#8221;<\/h2>\n<h3>Prof. Christian Schl\u00fcchter, Quart\u00e4r- und Umweltgeologie UNI Bern<\/h3>\n<p>Die Schweizerische Gesellschaft f\u00fcr Quart\u00e4rforschung CH-QUAT hat unter Mitarbeit von einem Dutzend von Quart\u00e4rwissenschaftlern aus dem alpinen Raum gemeinsam mit Prof. Christian Schl\u00fcchter vom Institut f\u00fcr Geologie der Universit\u00e4t Bern die kartographischen Erhebungen f\u00fcr die Karte \u00abDie Schweiz w\u00e4hrend des letzteiszeitlichen Maximums (LGM), 1:500&#8217;000\u00bb erarbeitet bzw. die wissenschaftliche Koordination der Arbeiten \u00fcbernommen. Mit ihr werden die aktuellsten Resultate der hiesigen Eiszeitforschung kartografisch hochwertig visualisiert. Die Rekonstruktion der Ausdehnung der Gletscher l\u00e4sst Schlussfolgerungen \u00fcber die atmosph\u00e4rische Zirkulation w\u00e4hrend des H\u00f6hepunkts der letzten Eiszeit zu. Die Karte leistet somit auch einen wesentlichen Beitrag zur Diskussion \u00fcber klimagesteuerte Umweltver\u00e4nderungen in der j\u00fcngsten erdgeschichtlichen Vergangenheit.<\/p>\n<p>Die bisher in Schulen und weit dar\u00fcber hinaus verbreitete Karte der eiszeitlichen Vergletscherung der Schweiz wurde in den 1950er Jahren publiziert und dann um 1970 im Atlas der Schweiz \u00fcberarbeitet abgedruckt. Inzwischen sind wesentliche glaziologische Erkenntnisse hinzugekommen, die einer Neuausgabe einen zus\u00e4tzlichen Schub verleihen. Die neue Eiszeitkarte, auf welcher die maximale Ausdehnung der Gletscher in der letzten Eiszeit dargestellt wird, wurde 2008 seitens der SSAF f\u00fcr ein zweites Jahr unterst\u00fctzt, wodurch insbesondere die Arbeit der Autoren gef\u00f6rdert werden konnte.<\/p>\n<p>Siehe auch:<\/p>\n<p><a href=\"https:\/\/opendata.swiss\/de\/dataset\/die-schweiz-wahrend-des-letzteiszeitlichen-maximums-lgm-1-500000\" target=\"_blank\" rel=\"noopener\">www.swisstopo.admin.ch<\/a><\/p>\n<p><a href=\"https:\/\/alpinfo.ch\/wp-content\/uploads\/2021\/08\/das_eiszeitalter_in_der_schweiz_2010.pdf\" target=\"_blank\" rel=\"noopener\">https:\/\/www.landschaftundkies.ch<\/a><\/p>\n","protected":false},"excerpt":{"rendered":"<p>Eiszeitkarte 2009 &#8221;Die Schweiz w\u00e4hrend des letzteiszeitlichen Maximums 1:500&#8217;000&#8221; Prof. Christian Schl\u00fcchter, Quart\u00e4r- und Umweltgeologie UNI Bern Die Schweizerische Gesellschaft f\u00fcr Quart\u00e4rforschung CH-QUAT hat unter Mitarbeit von einem Dutzend von Quart\u00e4rwissenschaftlern aus dem alpinen Raum gemeinsam mit Prof. Christian Schl\u00fcchter vom Institut f\u00fcr Geologie der Universit\u00e4t Bern die kartographischen Erhebungen f\u00fcr die Karte \u00abDie Schweiz [&hellip;]<\/p>\n","protected":false},"author":1,"featured_media":0,"parent":2060,"menu_order":9,"comment_status":"closed","ping_status":"closed","template":"template-expedition.php","meta":{"_acf_changed":false,"inline_featured_image":false,"footnotes":"","_links_to":"","_links_to_target":""},"class_list":["post-2109","page","type-page","status-publish","hentry"],"acf":[],"_links":{"self":[{"href":"https:\/\/alpinfo.ch\/en\/wp-json\/wp\/v2\/pages\/2109","targetHints":{"allow":["GET"]}}],"collection":[{"href":"https:\/\/alpinfo.ch\/en\/wp-json\/wp\/v2\/pages"}],"about":[{"href":"https:\/\/alpinfo.ch\/en\/wp-json\/wp\/v2\/types\/page"}],"author":[{"embeddable":true,"href":"https:\/\/alpinfo.ch\/en\/wp-json\/wp\/v2\/users\/1"}],"replies":[{"embeddable":true,"href":"https:\/\/alpinfo.ch\/en\/wp-json\/wp\/v2\/comments?post=2109"}],"version-history":[{"count":3,"href":"https:\/\/alpinfo.ch\/en\/wp-json\/wp\/v2\/pages\/2109\/revisions"}],"predecessor-version":[{"id":2717,"href":"https:\/\/alpinfo.ch\/en\/wp-json\/wp\/v2\/pages\/2109\/revisions\/2717"}],"up":[{"embeddable":true,"href":"https:\/\/alpinfo.ch\/en\/wp-json\/wp\/v2\/pages\/2060"}],"wp:attachment":[{"href":"https:\/\/alpinfo.ch\/en\/wp-json\/wp\/v2\/media?parent=2109"}],"curies":[{"name":"wp","href":"https:\/\/api.w.org\/{rel}","templated":true}]}}