{"id":2112,"date":"2021-08-23T09:58:49","date_gmt":"2021-08-23T07:58:49","guid":{"rendered":"https:\/\/alpinfo.flake.work\/forschung\/aktuelle-projekte\/realisationen-seit-2000\/aufklaerungsprojekt-zur-alpinen-biodiversitaet-2013\/"},"modified":"2021-09-24T15:44:32","modified_gmt":"2021-09-24T13:44:32","slug":"aufklaerungsprojekt-zur-alpinen-biodiversitaet-2013","status":"publish","type":"page","link":"https:\/\/alpinfo.ch\/en\/research\/current-projects\/realisationen-seit-2000\/aufklaerungsprojekt-zur-alpinen-biodiversitaet-2013\/","title":{"rendered":"Aufkl\u00e4rungsprojekt Alpine Biodiversit\u00e4t 2013"},"content":{"rendered":"<h2>Aufkl\u00e4rungsprojekt zur Alpinen Biodiversit\u00e4t<\/h2>\n<p>In den letzten Jahren hat die Stiftung ihr Augenmerk vermehrt auf die rasanten Ver\u00e4nderungen f\u00fcr Mensch und Natur im Alpenraum gerichtet.<\/p>\n<p>&nbsp;<\/p>\n<p><img loading=\"lazy\" decoding=\"async\" class=\"alignnone size-full wp-image-1616\" src=\"https:\/\/alpinfo.ch\/wp-content\/uploads\/2021\/08\/hochybrig_marcel-baer.jpg\" alt=\"\" width=\"300\" height=\"225\" \/><\/p>\n<p>Hochybrig \u00a9 Marcel Baer; edlibaer.ch<\/p>\n<p>&nbsp;<\/p>\n<p>Einerseits droht die Entv\u00f6lkerung ganzer Talschaften und die damit einhergehende Verbrachung und Verwaldung alpiner Kulturlandschaft. Andererseits droht die Ver\u00f6dung eigentlicher Hot Spots der Biodiversit\u00e4t wie der Trockenwiesen durch die Intensivlandwirtschaft.<\/p>\n<p>&nbsp;<\/p>\n<p><img loading=\"lazy\" decoding=\"async\" class=\"alignnone size-full wp-image-1613\" src=\"https:\/\/alpinfo.ch\/wp-content\/uploads\/2021\/08\/gerra-gambarogno_tweber_2006.jpg\" alt=\"\" width=\"300\" height=\"201\" \/><\/p>\n<p class=\"align-center\">Gerra Gambarogno \u00a9 TWeber 2006<\/p>\n<p>&nbsp;<\/p>\n<p>Das kulturlandabh\u00e4ngige Drittel der alpinen Artenvielfalt befindet sich nachgerade im Zweifrontenkampf gegen nat\u00fcrlichen und zivilisatorischen Wildwuchs. Die SSAF unterst\u00fctzt jene Forschung und Praxis, die \u2013 auf dem Fundament oekonomischer Nachhaltigkeitskonzepte \u2013 oekologisch orientierte Kulturlandbewirtschaftung erm\u00f6glicht.<\/p>\n<p>&nbsp;<\/p>\n<p><img loading=\"lazy\" decoding=\"async\" class=\"alignnone size-full wp-image-1610\" src=\"https:\/\/alpinfo.ch\/wp-content\/uploads\/2021\/08\/feldlerche-im-trockenwiese-nest_markus-jenny.jpg\" alt=\"\" width=\"300\" height=\"201\" \/><\/p>\n<p>Feldlerche im Trockenwiese-Nest \u00a9 Markus Jenny, vogelwarte.ch<\/p>\n<p>&nbsp;<\/p>\n<p>Mit vermehrter Aufkl\u00e4rungsarbeit m\u00f6chte die SSAF dazu beitragen, den gesellschaftlichen Mainstream in Richtung ganzheitlicher Bewahrung von wildnis- und kulturbedingter Biodiversit\u00e4t zu bewegen.<\/p>\n<p>&nbsp;<\/p>\n<p>&nbsp;<\/p>\n","protected":false},"excerpt":{"rendered":"<p>Aufkl\u00e4rungsprojekt zur Alpinen Biodiversit\u00e4t In den letzten Jahren hat die Stiftung ihr Augenmerk vermehrt auf die rasanten Ver\u00e4nderungen f\u00fcr Mensch und Natur im Alpenraum gerichtet. &nbsp; Hochybrig \u00a9 Marcel Baer; edlibaer.ch &nbsp; Einerseits droht die Entv\u00f6lkerung ganzer Talschaften und die damit einhergehende Verbrachung und Verwaldung alpiner Kulturlandschaft. Andererseits droht die Ver\u00f6dung eigentlicher Hot Spots der [&hellip;]<\/p>\n","protected":false},"author":1,"featured_media":0,"parent":2060,"menu_order":10,"comment_status":"closed","ping_status":"closed","template":"template-expedition.php","meta":{"_acf_changed":false,"inline_featured_image":false,"footnotes":"","_links_to":"","_links_to_target":""},"class_list":["post-2112","page","type-page","status-publish","hentry"],"acf":[],"_links":{"self":[{"href":"https:\/\/alpinfo.ch\/en\/wp-json\/wp\/v2\/pages\/2112","targetHints":{"allow":["GET"]}}],"collection":[{"href":"https:\/\/alpinfo.ch\/en\/wp-json\/wp\/v2\/pages"}],"about":[{"href":"https:\/\/alpinfo.ch\/en\/wp-json\/wp\/v2\/types\/page"}],"author":[{"embeddable":true,"href":"https:\/\/alpinfo.ch\/en\/wp-json\/wp\/v2\/users\/1"}],"replies":[{"embeddable":true,"href":"https:\/\/alpinfo.ch\/en\/wp-json\/wp\/v2\/comments?post=2112"}],"version-history":[{"count":3,"href":"https:\/\/alpinfo.ch\/en\/wp-json\/wp\/v2\/pages\/2112\/revisions"}],"predecessor-version":[{"id":2730,"href":"https:\/\/alpinfo.ch\/en\/wp-json\/wp\/v2\/pages\/2112\/revisions\/2730"}],"up":[{"embeddable":true,"href":"https:\/\/alpinfo.ch\/en\/wp-json\/wp\/v2\/pages\/2060"}],"wp:attachment":[{"href":"https:\/\/alpinfo.ch\/en\/wp-json\/wp\/v2\/media?parent=2112"}],"curies":[{"name":"wp","href":"https:\/\/api.w.org\/{rel}","templated":true}]}}