{"id":2116,"date":"2021-08-23T09:59:22","date_gmt":"2021-08-23T07:59:22","guid":{"rendered":"https:\/\/alpinfo.flake.work\/forschung\/aktuelle-projekte\/realisationen-seit-2000\/alpfutur-zukunft-der-soemmerungsweiden-in-der-schweiz\/"},"modified":"2021-09-24T15:44:38","modified_gmt":"2021-09-24T13:44:38","slug":"alpfutur-zukunft-der-soemmerungsweiden-in-der-schweiz","status":"publish","type":"page","link":"https:\/\/alpinfo.ch\/en\/research\/current-projects\/realisationen-seit-2000\/alpfutur-zukunft-der-soemmerungsweiden-in-der-schweiz\/","title":{"rendered":"AlpFUTUR- Zukunft der S\u00f6mmerungsweiden"},"content":{"rendered":"<h2>AlpFUTUR &#8211; Zukunft der S\u00f6mmerungsweiden in der Schweiz<\/h2>\n<p>&nbsp;<\/p>\n<p><img loading=\"lazy\" decoding=\"async\" class=\"alignnone size-full wp-image-1625\" src=\"https:\/\/alpinfo.ch\/wp-content\/uploads\/2021\/08\/gesoemmerte-tiere_diemtigtal-be_-chiara-calabrese_2011.jpg\" alt=\"\" width=\"300\" height=\"225\" \/><\/p>\n<p>Ges\u00f6mmerte Tiere; Diemtigtal, BE<br \/>\n\u00a9 Chiara Calabrese, 2011; AlpFUTUR &#8211; Agroscope ART<\/p>\n<p>&nbsp;<\/p>\n<p>Im Rahmen des <a href=\"http:\/\/www.alpfutur.ch\/\" target=\"_blank\" rel=\"noopener\">Verbundprojektes alpFUTUR<\/a> der <a href=\"http:\/\/www.art.admin.ch\/aktuell\/\" target=\"_blank\" rel=\"noopener\">Forschungsanstalt Agroscope Reckenholz-T\u00e4nikon ART<\/a> und der <a href=\"http:\/\/www.wsl.ch\/\" target=\"_blank\" rel=\"noopener\">Eidgen\u00f6ssischen Forschungsanstalt f\u00fcr Wald, Schnee und Landschaft WSL<\/a> versucht das Teilprojekt \u00c4lplerInnen die wesentlichen Bestimmungsfaktoren f\u00fcr einen attraktiven Arbeitsplatz &#8216;Alp&#8217; zu identifizieren. Durch die Erhaltung der S\u00f6mmerungsgebiete wird einerseits eine bergspezifische Berufsgattung gef\u00f6rdert und andererseits der kulturlandschaftsabh\u00e4ngige Anteil der alpinen Artenvielfalt vor dem verwaldungsbedingten Exitus bewahrt.<\/p>\n<p>Urspr\u00fcnglich wurde das Teilprojekt &#8221;\u00c4lplerInnen&#8221; vom Projektleiter Dr. Stefan Mann und von der Dissertantin Chiara Calabrese als rein sozio\u00f6konomische Analyse der Bestimmungsfaktoren f\u00fcr die Attraktivit\u00e4t des Arbeitsplatzes Alp konzipiert. Dank der Unterst\u00fctzung durch die Schweizerische Stiftung f\u00fcr Alpine Forschung konnten in die Fragenkataloge, die den Alp-ArbeitgeberInnen und Alp-ArbeitnehmerInnen vorgelegt wurden, je 11 relevante Fragen zur \u00f6kogerechten Erhaltung der S\u00f6mmerungsgebiete eingebaut werden, womit auch dem sozioethischen Aspekt der Bewahrung der alpweidenspezifischen Biodiversit\u00e4t gesondert Rechnung getragen wird.<\/p>\n<p>Am Jahresworkshop von AlpFUTUR im Oktober 2012 in Lavin (GR) pr\u00e4sentierte Projektleiter Stefan Mann das eher unerwartete Ergebnis der \u00c4lplerInnen-Befragung: Bei der Entscheidung f\u00fcr den Standort Alp haben die nichtmonet\u00e4ren Aspekte f\u00fcr das Alppersonal einen h\u00f6heren Stellenwert als die monet\u00e4ren. Das &#8221;Alpleben&#8221; wird h\u00f6her gewichtet als der Alplohn. Bei den Zusatzumfragen \u00fcber oekokonforme Alpbetriebsweise gaben \u00fcber 50 Prozent der Befragten an, dass sie eine Wiedereinf\u00fchrung des Tagwerkobligatoriums begr\u00fcssen w\u00fcrden; jenes Instruments also, das am besten geeignet ist, die Alpweiden vor Vergandung oder Verwaldung zu bewahren.<\/p>\n<p>Ebenfalls von der SSAF unterst\u00fctzt wurde die Filmreportage &#8221;Sommerzeit&#8221; von Pascal Gm\u00fcr \u00fcber den Alltag der \u00c4lplerInnen. Einen weiteren Unterst\u00fctzungsbeitrag erhielt das von AlpFUTUR unabh\u00e4ngige Projekt &#8221;\u00c4lplerInnenbuch&#8221; von Daniela Schwegler.<\/p>\n","protected":false},"excerpt":{"rendered":"<p>AlpFUTUR &#8211; Zukunft der S\u00f6mmerungsweiden in der Schweiz &nbsp; Ges\u00f6mmerte Tiere; Diemtigtal, BE \u00a9 Chiara Calabrese, 2011; AlpFUTUR &#8211; Agroscope ART &nbsp; Im Rahmen des Verbundprojektes alpFUTUR der Forschungsanstalt Agroscope Reckenholz-T\u00e4nikon ART und der Eidgen\u00f6ssischen Forschungsanstalt f\u00fcr Wald, Schnee und Landschaft WSL versucht das Teilprojekt \u00c4lplerInnen die wesentlichen Bestimmungsfaktoren f\u00fcr einen attraktiven Arbeitsplatz &#8216;Alp&#8217; zu [&hellip;]<\/p>\n","protected":false},"author":1,"featured_media":0,"parent":2060,"menu_order":11,"comment_status":"closed","ping_status":"closed","template":"template-expedition.php","meta":{"_acf_changed":false,"inline_featured_image":false,"footnotes":"","_links_to":"","_links_to_target":""},"class_list":["post-2116","page","type-page","status-publish","hentry"],"acf":[],"_links":{"self":[{"href":"https:\/\/alpinfo.ch\/en\/wp-json\/wp\/v2\/pages\/2116","targetHints":{"allow":["GET"]}}],"collection":[{"href":"https:\/\/alpinfo.ch\/en\/wp-json\/wp\/v2\/pages"}],"about":[{"href":"https:\/\/alpinfo.ch\/en\/wp-json\/wp\/v2\/types\/page"}],"author":[{"embeddable":true,"href":"https:\/\/alpinfo.ch\/en\/wp-json\/wp\/v2\/users\/1"}],"replies":[{"embeddable":true,"href":"https:\/\/alpinfo.ch\/en\/wp-json\/wp\/v2\/comments?post=2116"}],"version-history":[{"count":3,"href":"https:\/\/alpinfo.ch\/en\/wp-json\/wp\/v2\/pages\/2116\/revisions"}],"predecessor-version":[{"id":2731,"href":"https:\/\/alpinfo.ch\/en\/wp-json\/wp\/v2\/pages\/2116\/revisions\/2731"}],"up":[{"embeddable":true,"href":"https:\/\/alpinfo.ch\/en\/wp-json\/wp\/v2\/pages\/2060"}],"wp:attachment":[{"href":"https:\/\/alpinfo.ch\/en\/wp-json\/wp\/v2\/media?parent=2116"}],"curies":[{"name":"wp","href":"https:\/\/api.w.org\/{rel}","templated":true}]}}